{"id":7392,"date":"2023-10-08T19:36:29","date_gmt":"2023-10-08T19:36:29","guid":{"rendered":"https:\/\/arquitecturatextil.com\/politique-de-qualite-et-denvironnement\/"},"modified":"2025-10-30T09:04:23","modified_gmt":"2025-10-30T09:04:23","slug":"politique-de-qualite-et-denvironnement","status":"publish","type":"page","link":"https:\/\/arquitecturatextil.com\/fr\/politique-de-qualite-et-denvironnement\/","title":{"rendered":"Politique de qualit\u00e9 et d&#8217;environnement"},"content":{"rendered":"\t\t<div data-elementor-type=\"wp-page\" data-elementor-id=\"7392\" class=\"elementor elementor-7392 elementor-7303\" data-elementor-post-type=\"page\">\n\t\t\t\t\t\t<section class=\"elementor-section elementor-top-section elementor-element elementor-element-46189cd elementor-section-boxed elementor-section-height-default elementor-section-height-default\" data-id=\"46189cd\" data-element_type=\"section\" data-settings=\"{&quot;jet_parallax_layout_list&quot;:[]}\">\n\t\t\t\t\t\t<div class=\"elementor-container elementor-column-gap-default\">\n\t\t\t\t\t<div class=\"elementor-column elementor-col-100 elementor-top-column elementor-element elementor-element-73e0144\" data-id=\"73e0144\" data-element_type=\"column\">\n\t\t\t<div class=\"elementor-widget-wrap elementor-element-populated\">\n\t\t\t\t\t\t<section class=\"elementor-section elementor-inner-section elementor-element elementor-element-0d3a656 elementor-section-content-middle elementor-section-full_width elementor-section-height-default elementor-section-height-default\" data-id=\"0d3a656\" data-element_type=\"section\" data-settings=\"{&quot;jet_parallax_layout_list&quot;:[]}\">\n\t\t\t\t\t\t<div class=\"elementor-container elementor-column-gap-no\">\n\t\t\t\t\t<div class=\"elementor-column elementor-col-50 elementor-inner-column elementor-element elementor-element-d301c15\" data-id=\"d301c15\" data-element_type=\"column\">\n\t\t\t<div class=\"elementor-widget-wrap elementor-element-populated\">\n\t\t\t\t\t\t<div class=\"elementor-element elementor-element-5da9bf0 elementor-widget-divider--view-line elementor-widget elementor-widget-divider\" data-id=\"5da9bf0\" data-element_type=\"widget\" data-widget_type=\"divider.default\">\n\t\t\t\t<div class=\"elementor-widget-container\">\n\t\t\t<style>\/*! elementor - v3.23.0 - 05-08-2024 *\/\n.elementor-widget-divider{--divider-border-style:none;--divider-border-width:1px;--divider-color:#0c0d0e;--divider-icon-size:20px;--divider-element-spacing:10px;--divider-pattern-height:24px;--divider-pattern-size:20px;--divider-pattern-url:none;--divider-pattern-repeat:repeat-x}.elementor-widget-divider .elementor-divider{display:flex}.elementor-widget-divider .elementor-divider__text{font-size:15px;line-height:1;max-width:95%}.elementor-widget-divider .elementor-divider__element{margin:0 var(--divider-element-spacing);flex-shrink:0}.elementor-widget-divider .elementor-icon{font-size:var(--divider-icon-size)}.elementor-widget-divider .elementor-divider-separator{display:flex;margin:0;direction:ltr}.elementor-widget-divider--view-line_icon .elementor-divider-separator,.elementor-widget-divider--view-line_text .elementor-divider-separator{align-items:center}.elementor-widget-divider--view-line_icon .elementor-divider-separator:after,.elementor-widget-divider--view-line_icon .elementor-divider-separator:before,.elementor-widget-divider--view-line_text .elementor-divider-separator:after,.elementor-widget-divider--view-line_text .elementor-divider-separator:before{display:block;content:\"\";border-block-end:0;flex-grow:1;border-block-start:var(--divider-border-width) var(--divider-border-style) var(--divider-color)}.elementor-widget-divider--element-align-left .elementor-divider .elementor-divider-separator>.elementor-divider__svg:first-of-type{flex-grow:0;flex-shrink:100}.elementor-widget-divider--element-align-left .elementor-divider-separator:before{content:none}.elementor-widget-divider--element-align-left .elementor-divider__element{margin-left:0}.elementor-widget-divider--element-align-right .elementor-divider .elementor-divider-separator>.elementor-divider__svg:last-of-type{flex-grow:0;flex-shrink:100}.elementor-widget-divider--element-align-right .elementor-divider-separator:after{content:none}.elementor-widget-divider--element-align-right .elementor-divider__element{margin-right:0}.elementor-widget-divider--element-align-start .elementor-divider .elementor-divider-separator>.elementor-divider__svg:first-of-type{flex-grow:0;flex-shrink:100}.elementor-widget-divider--element-align-start .elementor-divider-separator:before{content:none}.elementor-widget-divider--element-align-start .elementor-divider__element{margin-inline-start:0}.elementor-widget-divider--element-align-end .elementor-divider .elementor-divider-separator>.elementor-divider__svg:last-of-type{flex-grow:0;flex-shrink:100}.elementor-widget-divider--element-align-end .elementor-divider-separator:after{content:none}.elementor-widget-divider--element-align-end .elementor-divider__element{margin-inline-end:0}.elementor-widget-divider:not(.elementor-widget-divider--view-line_text):not(.elementor-widget-divider--view-line_icon) .elementor-divider-separator{border-block-start:var(--divider-border-width) var(--divider-border-style) var(--divider-color)}.elementor-widget-divider--separator-type-pattern{--divider-border-style:none}.elementor-widget-divider--separator-type-pattern.elementor-widget-divider--view-line .elementor-divider-separator,.elementor-widget-divider--separator-type-pattern:not(.elementor-widget-divider--view-line) .elementor-divider-separator:after,.elementor-widget-divider--separator-type-pattern:not(.elementor-widget-divider--view-line) .elementor-divider-separator:before,.elementor-widget-divider--separator-type-pattern:not([class*=elementor-widget-divider--view]) .elementor-divider-separator{width:100%;min-height:var(--divider-pattern-height);-webkit-mask-size:var(--divider-pattern-size) 100%;mask-size:var(--divider-pattern-size) 100%;-webkit-mask-repeat:var(--divider-pattern-repeat);mask-repeat:var(--divider-pattern-repeat);background-color:var(--divider-color);-webkit-mask-image:var(--divider-pattern-url);mask-image:var(--divider-pattern-url)}.elementor-widget-divider--no-spacing{--divider-pattern-size:auto}.elementor-widget-divider--bg-round{--divider-pattern-repeat:round}.rtl .elementor-widget-divider .elementor-divider__text{direction:rtl}.e-con-inner>.elementor-widget-divider,.e-con>.elementor-widget-divider{width:var(--container-widget-width,100%);--flex-grow:var(--container-widget-flex-grow)}<\/style>\t\t<div class=\"elementor-divider\">\n\t\t\t<span class=\"elementor-divider-separator\">\n\t\t\t\t\t\t<\/span>\n\t\t<\/div>\n\t\t\t\t<\/div>\n\t\t\t\t<\/div>\n\t\t\t\t\t<\/div>\n\t\t<\/div>\n\t\t\t\t<div class=\"elementor-column elementor-col-50 elementor-inner-column elementor-element elementor-element-8eeb720\" data-id=\"8eeb720\" data-element_type=\"column\">\n\t\t\t<div class=\"elementor-widget-wrap elementor-element-populated\">\n\t\t\t\t\t\t<div class=\"elementor-element elementor-element-9c42149 elementor-widget elementor-widget-heading\" data-id=\"9c42149\" data-element_type=\"widget\" data-widget_type=\"heading.default\">\n\t\t\t\t<div class=\"elementor-widget-container\">\n\t\t\t<style>\/*! elementor - v3.23.0 - 05-08-2024 *\/\n.elementor-heading-title{padding:0;margin:0;line-height:1}.elementor-widget-heading .elementor-heading-title[class*=elementor-size-]>a{color:inherit;font-size:inherit;line-height:inherit}.elementor-widget-heading .elementor-heading-title.elementor-size-small{font-size:15px}.elementor-widget-heading .elementor-heading-title.elementor-size-medium{font-size:19px}.elementor-widget-heading .elementor-heading-title.elementor-size-large{font-size:29px}.elementor-widget-heading .elementor-heading-title.elementor-size-xl{font-size:39px}.elementor-widget-heading .elementor-heading-title.elementor-size-xxl{font-size:59px}<\/style><h2 class=\"elementor-heading-title elementor-size-default\">architecture textile<\/h2>\t\t<\/div>\n\t\t\t\t<\/div>\n\t\t\t\t\t<\/div>\n\t\t<\/div>\n\t\t\t\t\t<\/div>\n\t\t<\/section>\n\t\t\t\t<div class=\"elementor-element elementor-element-c255e97 elementor-widget elementor-widget-heading\" data-id=\"c255e97\" data-element_type=\"widget\" data-widget_type=\"heading.default\">\n\t\t\t\t<div class=\"elementor-widget-container\">\n\t\t\t<span class=\"elementor-heading-title elementor-size-small\">Date : 18\/07\/2024<\/span>\t\t<\/div>\n\t\t\t\t<\/div>\n\t\t\t\t<div class=\"elementor-element elementor-element-bec6e55 elementor-widget elementor-widget-text-editor\" data-id=\"bec6e55\" data-element_type=\"widget\" data-widget_type=\"text-editor.default\">\n\t\t\t\t<div class=\"elementor-widget-container\">\n\t\t\t<style>\/*! elementor - v3.23.0 - 05-08-2024 *\/\n.elementor-widget-text-editor.elementor-drop-cap-view-stacked .elementor-drop-cap{background-color:#69727d;color:#fff}.elementor-widget-text-editor.elementor-drop-cap-view-framed .elementor-drop-cap{color:#69727d;border:3px solid;background-color:transparent}.elementor-widget-text-editor:not(.elementor-drop-cap-view-default) .elementor-drop-cap{margin-top:8px}.elementor-widget-text-editor:not(.elementor-drop-cap-view-default) .elementor-drop-cap-letter{width:1em;height:1em}.elementor-widget-text-editor .elementor-drop-cap{float:left;text-align:center;line-height:1;font-size:50px}.elementor-widget-text-editor .elementor-drop-cap-letter{display:inline-block}<\/style>\t\t\t\t<p>ARQUITECTURA TEXTIL est une entreprise sp\u00e9cialis\u00e9e dans la conception, la fabrication et le montage de couvertures textiles et de structures tendues. Elle est situ\u00e9e dans la zone industrielle El Pedregar, \u00e0 Montmel\u00f3, dans la province de Barcelone. <\/p>\n<p>L&#8217;entreprise offre ses services \u00e0 ses diff\u00e9rents clients, tant au niveau national qu&#8217;international, depuis pr\u00e8s de 30 ans. La confiance et la satisfaction de nos clients nous ont permis de nous forger une r\u00e9putation et une reconnaissance dans le secteur. <\/p>\n<p>L&#8217;exp\u00e9rience acquise depuis notre cr\u00e9ation, ainsi que l&#8217;application des derni\u00e8res connaissances dans le domaine des toitures textiles et des structures tendues, nous permettent d&#8217;optimiser constamment nos activit\u00e9s.<\/p>\n<p>Notre objectif est de toujours r\u00e9aliser le travail conform\u00e9ment aux exigences du client et des parties prenantes, en optimisant le prix, en respectant les d\u00e9lais et en se conformant aux exigences l\u00e9gales et volontaires sp\u00e9cifi\u00e9es.<\/p>\n<p>Le respect de l&#8217;environnement et l&#8217;engagement contre le changement climatique sont une composante essentielle de nos activit\u00e9s et de nos objectifs. Nous voulons contribuer \u00e0 la conservation des ressources naturelles par l&#8217;int\u00e9gration progressive de nos activit\u00e9s dans l&#8217;environnement, ainsi que par la connaissance et le respect de la l\u00e9gislation environnementale correspondante. <\/p>\n<p>Des principes pour guider notre travail :<\/p>\n\t\t\t\t\t\t<\/div>\n\t\t\t\t<\/div>\n\t\t\t\t<div class=\"elementor-element elementor-element-70a56c7 elementor-widget elementor-widget-toggle\" data-id=\"70a56c7\" data-element_type=\"widget\" data-widget_type=\"toggle.default\">\n\t\t\t\t<div class=\"elementor-widget-container\">\n\t\t\t<style>.elementor-toggle{text-align:start}.elementor-toggle .elementor-tab-title{font-weight:700;line-height:1;margin:0;padding:15px;border-bottom:1px solid #d5d8dc;cursor:pointer;outline:none}.elementor-toggle .elementor-tab-title .elementor-toggle-icon{display:inline-block;width:1em}.elementor-toggle .elementor-tab-title .elementor-toggle-icon svg{margin-inline-start:-5px;width:1em;height:1em}.elementor-toggle .elementor-tab-title .elementor-toggle-icon.elementor-toggle-icon-right{float:right;text-align:right}.elementor-toggle .elementor-tab-title .elementor-toggle-icon.elementor-toggle-icon-left{float:left;text-align:left}.elementor-toggle .elementor-tab-title .elementor-toggle-icon .elementor-toggle-icon-closed{display:block}.elementor-toggle .elementor-tab-title .elementor-toggle-icon .elementor-toggle-icon-opened{display:none}.elementor-toggle .elementor-tab-title.elementor-active{border-bottom:none}.elementor-toggle .elementor-tab-title.elementor-active .elementor-toggle-icon-closed{display:none}.elementor-toggle .elementor-tab-title.elementor-active .elementor-toggle-icon-opened{display:block}.elementor-toggle .elementor-tab-content{padding:15px;border-bottom:1px solid #d5d8dc;display:none}@media (max-width:767px){.elementor-toggle .elementor-tab-title{padding:12px}.elementor-toggle .elementor-tab-content{padding:12px 10px}}.e-con-inner>.elementor-widget-toggle,.e-con>.elementor-widget-toggle{width:var(--container-widget-width);--flex-grow:var(--container-widget-flex-grow)}<\/style>\t\t<div class=\"elementor-toggle\">\n\t\t\t\t\t\t\t<div class=\"elementor-toggle-item\">\n\t\t\t\t\t<div id=\"elementor-tab-title-1181\" class=\"elementor-tab-title\" data-tab=\"1\" role=\"button\" aria-controls=\"elementor-tab-content-1181\" aria-expanded=\"false\">\n\t\t\t\t\t\t\t\t\t\t\t\t<span class=\"elementor-toggle-icon elementor-toggle-icon-left\" aria-hidden=\"true\">\n\t\t\t\t\t\t\t\t\t\t\t\t\t\t\t<span class=\"elementor-toggle-icon-closed\"><i class=\"fas fa-caret-right\"><\/i><\/span>\n\t\t\t\t\t\t\t\t<span class=\"elementor-toggle-icon-opened\"><i class=\"elementor-toggle-icon-opened fas fa-caret-down\"><\/i><\/span>\n\t\t\t\t\t\t\t\t\t\t\t\t\t<\/span>\n\t\t\t\t\t\t\t\t\t\t\t\t<a class=\"elementor-toggle-title\" tabindex=\"0\">Politique adapt\u00e9e aux objectifs de l'entreprise.<\/a>\n\t\t\t\t\t<\/div>\n\n\t\t\t\t\t<div id=\"elementor-tab-content-1181\" class=\"elementor-tab-content elementor-clearfix\" data-tab=\"1\" role=\"region\" aria-labelledby=\"elementor-tab-title-1181\"><p>La politique du syst\u00e8me de gestion de la qualit\u00e9 et de l&#8217;environnement est adapt\u00e9e aux objectifs de l&#8217;organisme.<\/p>\n<\/div>\n\t\t\t\t<\/div>\n\t\t\t\t\t\t\t<div class=\"elementor-toggle-item\">\n\t\t\t\t\t<div id=\"elementor-tab-title-1182\" class=\"elementor-tab-title\" data-tab=\"2\" role=\"button\" aria-controls=\"elementor-tab-content-1182\" aria-expanded=\"false\">\n\t\t\t\t\t\t\t\t\t\t\t\t<span class=\"elementor-toggle-icon elementor-toggle-icon-left\" aria-hidden=\"true\">\n\t\t\t\t\t\t\t\t\t\t\t\t\t\t\t<span class=\"elementor-toggle-icon-closed\"><i class=\"fas fa-caret-right\"><\/i><\/span>\n\t\t\t\t\t\t\t\t<span class=\"elementor-toggle-icon-opened\"><i class=\"elementor-toggle-icon-opened fas fa-caret-down\"><\/i><\/span>\n\t\t\t\t\t\t\t\t\t\t\t\t\t<\/span>\n\t\t\t\t\t\t\t\t\t\t\t\t<a class=\"elementor-toggle-title\" tabindex=\"0\">Am\u00e9lioration continue.<\/a>\n\t\t\t\t\t<\/div>\n\n\t\t\t\t\t<div id=\"elementor-tab-content-1182\" class=\"elementor-tab-content elementor-clearfix\" data-tab=\"2\" role=\"region\" aria-labelledby=\"elementor-tab-title-1182\"><p>L&#8217;efficacit\u00e9 du syst\u00e8me de gestion de la qualit\u00e9 et de l&#8217;environnement doit \u00eatre am\u00e9lior\u00e9e en permanence.<\/p>\n<\/div>\n\t\t\t\t<\/div>\n\t\t\t\t\t\t\t<div class=\"elementor-toggle-item\">\n\t\t\t\t\t<div id=\"elementor-tab-title-1183\" class=\"elementor-tab-title\" data-tab=\"3\" role=\"button\" aria-controls=\"elementor-tab-content-1183\" aria-expanded=\"false\">\n\t\t\t\t\t\t\t\t\t\t\t\t<span class=\"elementor-toggle-icon elementor-toggle-icon-left\" aria-hidden=\"true\">\n\t\t\t\t\t\t\t\t\t\t\t\t\t\t\t<span class=\"elementor-toggle-icon-closed\"><i class=\"fas fa-caret-right\"><\/i><\/span>\n\t\t\t\t\t\t\t\t<span class=\"elementor-toggle-icon-opened\"><i class=\"elementor-toggle-icon-opened fas fa-caret-down\"><\/i><\/span>\n\t\t\t\t\t\t\t\t\t\t\t\t\t<\/span>\n\t\t\t\t\t\t\t\t\t\t\t\t<a class=\"elementor-toggle-title\" tabindex=\"0\">Pr\u00e9vention de la pollution.<\/a>\n\t\t\t\t\t<\/div>\n\n\t\t\t\t\t<div id=\"elementor-tab-content-1183\" class=\"elementor-tab-content elementor-clearfix\" data-tab=\"3\" role=\"region\" aria-labelledby=\"elementor-tab-title-1183\"><p>Toutes les actions doivent \u00e9viter autant que possible de polluer l&#8217;environnement. \u00c0 cette fin, les aspects environnementaux de chaque projet seront identifi\u00e9s et \u00e9valu\u00e9s afin de minimiser et d&#8217;\u00e9viter les impacts sur l&#8217;environnement. Les travailleurs seront form\u00e9s aux mesures \u00e0 mettre en \u0153uvre pour y parvenir et seront sensibilis\u00e9s \u00e0 l&#8217;importance de leurs activit\u00e9s pour pr\u00e9venir la pollution de l&#8217;environnement.  <\/p>\n<\/div>\n\t\t\t\t<\/div>\n\t\t\t\t\t\t\t<div class=\"elementor-toggle-item\">\n\t\t\t\t\t<div id=\"elementor-tab-title-1184\" class=\"elementor-tab-title\" data-tab=\"4\" role=\"button\" aria-controls=\"elementor-tab-content-1184\" aria-expanded=\"false\">\n\t\t\t\t\t\t\t\t\t\t\t\t<span class=\"elementor-toggle-icon elementor-toggle-icon-left\" aria-hidden=\"true\">\n\t\t\t\t\t\t\t\t\t\t\t\t\t\t\t<span class=\"elementor-toggle-icon-closed\"><i class=\"fas fa-caret-right\"><\/i><\/span>\n\t\t\t\t\t\t\t\t<span class=\"elementor-toggle-icon-opened\"><i class=\"elementor-toggle-icon-opened fas fa-caret-down\"><\/i><\/span>\n\t\t\t\t\t\t\t\t\t\t\t\t\t<\/span>\n\t\t\t\t\t\t\t\t\t\t\t\t<a class=\"elementor-toggle-title\" tabindex=\"0\">Engagement \u00e0 respecter les exigences.<\/a>\n\t\t\t\t\t<\/div>\n\n\t\t\t\t\t<div id=\"elementor-tab-content-1184\" class=\"elementor-tab-content elementor-clearfix\" data-tab=\"4\" role=\"region\" aria-labelledby=\"elementor-tab-title-1184\"><p>Toutes les t\u00e2ches de l&#8217;organisation sont ex\u00e9cut\u00e9es dans le respect des r\u00e9glementations techniques en vigueur, de toutes les exigences l\u00e9gales et des r\u00e9glementations environnementales, ainsi que des autres exigences \u00e9tablies par les parties int\u00e9ress\u00e9es, en tenant compte de la sant\u00e9 et de la s\u00e9curit\u00e9 des travailleurs et d&#8217;une gestion appropri\u00e9e de l&#8217;environnement.<\/p>\n<\/div>\n\t\t\t\t<\/div>\n\t\t\t\t\t\t\t<div class=\"elementor-toggle-item\">\n\t\t\t\t\t<div id=\"elementor-tab-title-1185\" class=\"elementor-tab-title\" data-tab=\"5\" role=\"button\" aria-controls=\"elementor-tab-content-1185\" aria-expanded=\"false\">\n\t\t\t\t\t\t\t\t\t\t\t\t<span class=\"elementor-toggle-icon elementor-toggle-icon-left\" aria-hidden=\"true\">\n\t\t\t\t\t\t\t\t\t\t\t\t\t\t\t<span class=\"elementor-toggle-icon-closed\"><i class=\"fas fa-caret-right\"><\/i><\/span>\n\t\t\t\t\t\t\t\t<span class=\"elementor-toggle-icon-opened\"><i class=\"elementor-toggle-icon-opened fas fa-caret-down\"><\/i><\/span>\n\t\t\t\t\t\t\t\t\t\t\t\t\t<\/span>\n\t\t\t\t\t\t\t\t\t\t\t\t<a class=\"elementor-toggle-title\" tabindex=\"0\">Cadre de r\u00e9f\u00e9rence.<\/a>\n\t\t\t\t\t<\/div>\n\n\t\t\t\t\t<div id=\"elementor-tab-content-1185\" class=\"elementor-tab-content elementor-clearfix\" data-tab=\"5\" role=\"region\" aria-labelledby=\"elementor-tab-title-1185\"><p>La politique du syst\u00e8me de gestion de la qualit\u00e9 et de l&#8217;environnement fournit un cadre pour la d\u00e9finition et la r\u00e9vision des objectifs en mati\u00e8re de qualit\u00e9 et d&#8217;environnement.<\/p>\n<\/div>\n\t\t\t\t<\/div>\n\t\t\t\t\t\t\t<div class=\"elementor-toggle-item\">\n\t\t\t\t\t<div id=\"elementor-tab-title-1186\" class=\"elementor-tab-title\" data-tab=\"6\" role=\"button\" aria-controls=\"elementor-tab-content-1186\" aria-expanded=\"false\">\n\t\t\t\t\t\t\t\t\t\t\t\t<span class=\"elementor-toggle-icon elementor-toggle-icon-left\" aria-hidden=\"true\">\n\t\t\t\t\t\t\t\t\t\t\t\t\t\t\t<span class=\"elementor-toggle-icon-closed\"><i class=\"fas fa-caret-right\"><\/i><\/span>\n\t\t\t\t\t\t\t\t<span class=\"elementor-toggle-icon-opened\"><i class=\"elementor-toggle-icon-opened fas fa-caret-down\"><\/i><\/span>\n\t\t\t\t\t\t\t\t\t\t\t\t\t<\/span>\n\t\t\t\t\t\t\t\t\t\t\t\t<a class=\"elementor-toggle-title\" tabindex=\"0\">Documentation, mise en \u0153uvre et maintenance (informations document\u00e9es)<\/a>\n\t\t\t\t\t<\/div>\n\n\t\t\t\t\t<div id=\"elementor-tab-content-1186\" class=\"elementor-tab-content elementor-clearfix\" data-tab=\"6\" role=\"region\" aria-labelledby=\"elementor-tab-title-1186\"><p>Le syst\u00e8me de gestion de la qualit\u00e9 et de l&#8217;environnement est document\u00e9, mis en \u0153uvre et contr\u00f4l\u00e9.<\/p>\n<\/div>\n\t\t\t\t<\/div>\n\t\t\t\t\t\t\t<div class=\"elementor-toggle-item\">\n\t\t\t\t\t<div id=\"elementor-tab-title-1187\" class=\"elementor-tab-title\" data-tab=\"7\" role=\"button\" aria-controls=\"elementor-tab-content-1187\" aria-expanded=\"false\">\n\t\t\t\t\t\t\t\t\t\t\t\t<span class=\"elementor-toggle-icon elementor-toggle-icon-left\" aria-hidden=\"true\">\n\t\t\t\t\t\t\t\t\t\t\t\t\t\t\t<span class=\"elementor-toggle-icon-closed\"><i class=\"fas fa-caret-right\"><\/i><\/span>\n\t\t\t\t\t\t\t\t<span class=\"elementor-toggle-icon-opened\"><i class=\"elementor-toggle-icon-opened fas fa-caret-down\"><\/i><\/span>\n\t\t\t\t\t\t\t\t\t\t\t\t\t<\/span>\n\t\t\t\t\t\t\t\t\t\t\t\t<a class=\"elementor-toggle-title\" tabindex=\"0\">R\u00e9vision.<\/a>\n\t\t\t\t\t<\/div>\n\n\t\t\t\t\t<div id=\"elementor-tab-content-1187\" class=\"elementor-tab-content elementor-clearfix\" data-tab=\"7\" role=\"region\" aria-labelledby=\"elementor-tab-title-1187\"><p>La politique du syst\u00e8me de gestion de la qualit\u00e9 et de l&#8217;environnement est r\u00e9examin\u00e9e en permanence afin de s&#8217;assurer qu&#8217;elle reste adapt\u00e9e.<\/p>\n<\/div>\n\t\t\t\t<\/div>\n\t\t\t\t\t\t\t<div class=\"elementor-toggle-item\">\n\t\t\t\t\t<div id=\"elementor-tab-title-1188\" class=\"elementor-tab-title\" data-tab=\"8\" role=\"button\" aria-controls=\"elementor-tab-content-1188\" aria-expanded=\"false\">\n\t\t\t\t\t\t\t\t\t\t\t\t<span class=\"elementor-toggle-icon elementor-toggle-icon-left\" aria-hidden=\"true\">\n\t\t\t\t\t\t\t\t\t\t\t\t\t\t\t<span class=\"elementor-toggle-icon-closed\"><i class=\"fas fa-caret-right\"><\/i><\/span>\n\t\t\t\t\t\t\t\t<span class=\"elementor-toggle-icon-opened\"><i class=\"elementor-toggle-icon-opened fas fa-caret-down\"><\/i><\/span>\n\t\t\t\t\t\t\t\t\t\t\t\t\t<\/span>\n\t\t\t\t\t\t\t\t\t\t\t\t<a class=\"elementor-toggle-title\" tabindex=\"0\">Le client est vital pour l'organisation.<\/a>\n\t\t\t\t\t<\/div>\n\n\t\t\t\t\t<div id=\"elementor-tab-content-1188\" class=\"elementor-tab-content elementor-clearfix\" data-tab=\"8\" role=\"region\" aria-labelledby=\"elementor-tab-title-1188\"><p>Le travail de l&#8217;organisation est orient\u00e9 vers la compr\u00e9hension des besoins de nos clients, la r\u00e9alisation de l&#8217;objectif des travaux et des services, en termes de qualit\u00e9, de co\u00fbt et de temps.<\/p>\n<\/div>\n\t\t\t\t<\/div>\n\t\t\t\t\t\t\t<div class=\"elementor-toggle-item\">\n\t\t\t\t\t<div id=\"elementor-tab-title-1189\" class=\"elementor-tab-title\" data-tab=\"9\" role=\"button\" aria-controls=\"elementor-tab-content-1189\" aria-expanded=\"false\">\n\t\t\t\t\t\t\t\t\t\t\t\t<span class=\"elementor-toggle-icon elementor-toggle-icon-left\" aria-hidden=\"true\">\n\t\t\t\t\t\t\t\t\t\t\t\t\t\t\t<span class=\"elementor-toggle-icon-closed\"><i class=\"fas fa-caret-right\"><\/i><\/span>\n\t\t\t\t\t\t\t\t<span class=\"elementor-toggle-icon-opened\"><i class=\"elementor-toggle-icon-opened fas fa-caret-down\"><\/i><\/span>\n\t\t\t\t\t\t\t\t\t\t\t\t\t<\/span>\n\t\t\t\t\t\t\t\t\t\t\t\t<a class=\"elementor-toggle-title\" tabindex=\"0\">Le rapport co\u00fbt-efficacit\u00e9.<\/a>\n\t\t\t\t\t<\/div>\n\n\t\t\t\t\t<div id=\"elementor-tab-content-1189\" class=\"elementor-tab-content elementor-clearfix\" data-tab=\"9\" role=\"region\" aria-labelledby=\"elementor-tab-title-1189\"><p>La solidit\u00e9 de l&#8217;entreprise est obtenue en g\u00e9n\u00e9rant un niveau de profit ad\u00e9quat, en minimisant les risques inh\u00e9rents \u00e0 l&#8217;activit\u00e9 et en fournissant le service requis par le client.<\/p>\n<\/div>\n\t\t\t\t<\/div>\n\t\t\t\t\t\t\t<div class=\"elementor-toggle-item\">\n\t\t\t\t\t<div id=\"elementor-tab-title-11810\" class=\"elementor-tab-title\" data-tab=\"10\" role=\"button\" aria-controls=\"elementor-tab-content-11810\" aria-expanded=\"false\">\n\t\t\t\t\t\t\t\t\t\t\t\t<span class=\"elementor-toggle-icon elementor-toggle-icon-left\" aria-hidden=\"true\">\n\t\t\t\t\t\t\t\t\t\t\t\t\t\t\t<span class=\"elementor-toggle-icon-closed\"><i class=\"fas fa-caret-right\"><\/i><\/span>\n\t\t\t\t\t\t\t\t<span class=\"elementor-toggle-icon-opened\"><i class=\"elementor-toggle-icon-opened fas fa-caret-down\"><\/i><\/span>\n\t\t\t\t\t\t\t\t\t\t\t\t\t<\/span>\n\t\t\t\t\t\t\t\t\t\t\t\t<a class=\"elementor-toggle-title\" tabindex=\"0\">La qualit\u00e9 est la responsabilit\u00e9 de tous<\/a>\n\t\t\t\t\t<\/div>\n\n\t\t\t\t\t<div id=\"elementor-tab-content-11810\" class=\"elementor-tab-content elementor-clearfix\" data-tab=\"10\" role=\"region\" aria-labelledby=\"elementor-tab-title-11810\"><p>La qualit\u00e9 est fondamentalement obtenue par la planification et le contr\u00f4le des diff\u00e9rents processus. Chaque membre de l&#8217;organisation est responsable de la qualit\u00e9 des produits et des services qu&#8217;il g\u00e9n\u00e8re, en tenant compte de la gestion environnementale appropri\u00e9e des activit\u00e9s. <\/p>\n<\/div>\n\t\t\t\t<\/div>\n\t\t\t\t\t\t\t\t\t\t<script type=\"application\/ld+json\">{\"@context\":\"https:\\\/\\\/schema.org\",\"@type\":\"FAQPage\",\"mainEntity\":[{\"@type\":\"Question\",\"name\":\"Politique adapt\\u00e9e aux objectifs de l'entreprise.\",\"acceptedAnswer\":{\"@type\":\"Answer\",\"text\":\"<p>La politique du syst\\u00e8me de gestion de la qualit\\u00e9 et de l&#8217;environnement est adapt\\u00e9e aux objectifs de l&#8217;organisme.<\\\/p>\\n\"}},{\"@type\":\"Question\",\"name\":\"Am\\u00e9lioration continue.\",\"acceptedAnswer\":{\"@type\":\"Answer\",\"text\":\"<p>L&#8217;efficacit\\u00e9 du syst\\u00e8me de gestion de la qualit\\u00e9 et de l&#8217;environnement doit \\u00eatre am\\u00e9lior\\u00e9e en permanence.<\\\/p>\\n\"}},{\"@type\":\"Question\",\"name\":\"Pr\\u00e9vention de la pollution.\",\"acceptedAnswer\":{\"@type\":\"Answer\",\"text\":\"<p>Toutes les actions doivent \\u00e9viter autant que possible de polluer l&#8217;environnement. \\u00c0 cette fin, les aspects environnementaux de chaque projet seront identifi\\u00e9s et \\u00e9valu\\u00e9s afin de minimiser et d&#8217;\\u00e9viter les impacts sur l&#8217;environnement. Les travailleurs seront form\\u00e9s aux mesures \\u00e0 mettre en \\u0153uvre pour y parvenir et seront sensibilis\\u00e9s \\u00e0 l&#8217;importance de leurs activit\\u00e9s pour pr\\u00e9venir la pollution de l&#8217;environnement.  <\\\/p>\\n\"}},{\"@type\":\"Question\",\"name\":\"Engagement \\u00e0 respecter les exigences.\",\"acceptedAnswer\":{\"@type\":\"Answer\",\"text\":\"<p>Toutes les t\\u00e2ches de l&#8217;organisation sont ex\\u00e9cut\\u00e9es dans le respect des r\\u00e9glementations techniques en vigueur, de toutes les exigences l\\u00e9gales et des r\\u00e9glementations environnementales, ainsi que des autres exigences \\u00e9tablies par les parties int\\u00e9ress\\u00e9es, en tenant compte de la sant\\u00e9 et de la s\\u00e9curit\\u00e9 des travailleurs et d&#8217;une gestion appropri\\u00e9e de l&#8217;environnement.<\\\/p>\\n\"}},{\"@type\":\"Question\",\"name\":\"Cadre de r\\u00e9f\\u00e9rence.\",\"acceptedAnswer\":{\"@type\":\"Answer\",\"text\":\"<p>La politique du syst\\u00e8me de gestion de la qualit\\u00e9 et de l&#8217;environnement fournit un cadre pour la d\\u00e9finition et la r\\u00e9vision des objectifs en mati\\u00e8re de qualit\\u00e9 et d&#8217;environnement.<\\\/p>\\n\"}},{\"@type\":\"Question\",\"name\":\"Documentation, mise en \\u0153uvre et maintenance (informations document\\u00e9es)\",\"acceptedAnswer\":{\"@type\":\"Answer\",\"text\":\"<p>Le syst\\u00e8me de gestion de la qualit\\u00e9 et de l&#8217;environnement est document\\u00e9, mis en \\u0153uvre et contr\\u00f4l\\u00e9.<\\\/p>\\n\"}},{\"@type\":\"Question\",\"name\":\"R\\u00e9vision.\",\"acceptedAnswer\":{\"@type\":\"Answer\",\"text\":\"<p>La politique du syst\\u00e8me de gestion de la qualit\\u00e9 et de l&#8217;environnement est r\\u00e9examin\\u00e9e en permanence afin de s&#8217;assurer qu&#8217;elle reste adapt\\u00e9e.<\\\/p>\\n\"}},{\"@type\":\"Question\",\"name\":\"Le client est vital pour l'organisation.\",\"acceptedAnswer\":{\"@type\":\"Answer\",\"text\":\"<p>Le travail de l&#8217;organisation est orient\\u00e9 vers la compr\\u00e9hension des besoins de nos clients, la r\\u00e9alisation de l&#8217;objectif des travaux et des services, en termes de qualit\\u00e9, de co\\u00fbt et de temps.<\\\/p>\\n\"}},{\"@type\":\"Question\",\"name\":\"Le rapport co\\u00fbt-efficacit\\u00e9.\",\"acceptedAnswer\":{\"@type\":\"Answer\",\"text\":\"<p>La solidit\\u00e9 de l&#8217;entreprise est obtenue en g\\u00e9n\\u00e9rant un niveau de profit ad\\u00e9quat, en minimisant les risques inh\\u00e9rents \\u00e0 l&#8217;activit\\u00e9 et en fournissant le service requis par le client.<\\\/p>\\n\"}},{\"@type\":\"Question\",\"name\":\"La qualit\\u00e9 est la responsabilit\\u00e9 de tous\",\"acceptedAnswer\":{\"@type\":\"Answer\",\"text\":\"<p>La qualit\\u00e9 est fondamentalement obtenue par la planification et le contr\\u00f4le des diff\\u00e9rents processus. Chaque membre de l&#8217;organisation est responsable de la qualit\\u00e9 des produits et des services qu&#8217;il g\\u00e9n\\u00e8re, en tenant compte de la gestion environnementale appropri\\u00e9e des activit\\u00e9s. <\\\/p>\\n\"}}]}<\/script>\n\t\t\t\t\t<\/div>\n\t\t\t\t<\/div>\n\t\t\t\t<\/div>\n\t\t\t\t\t<\/div>\n\t\t<\/div>\n\t\t\t\t\t<\/div>\n\t\t<\/section>\n\t\t\t\t<\/div>\n\t\t","protected":false},"excerpt":{"rendered":"<p>architecture textile Date : 18\/07\/2024 ARQUITECTURA TEXTIL est une entreprise sp\u00e9cialis\u00e9e dans la conception, la fabrication et le montage de couvertures textiles et de structures tendues. Elle est situ\u00e9e dans la zone industrielle El Pedregar, \u00e0 Montmel\u00f3, dans la province de Barcelone. L&#8217;entreprise offre ses services \u00e0 ses diff\u00e9rents clients, tant au niveau national qu&#8217;international, [&hellip;]<\/p>\n","protected":false},"author":1,"featured_media":0,"parent":0,"menu_order":0,"comment_status":"closed","ping_status":"closed","template":"elementor_header_footer","meta":{"footnotes":""},"class_list":["post-7392","page","type-page","status-publish","hentry"],"_links":{"self":[{"href":"https:\/\/arquitecturatextil.com\/fr\/wp-json\/wp\/v2\/pages\/7392","targetHints":{"allow":["GET"]}}],"collection":[{"href":"https:\/\/arquitecturatextil.com\/fr\/wp-json\/wp\/v2\/pages"}],"about":[{"href":"https:\/\/arquitecturatextil.com\/fr\/wp-json\/wp\/v2\/types\/page"}],"author":[{"embeddable":true,"href":"https:\/\/arquitecturatextil.com\/fr\/wp-json\/wp\/v2\/users\/1"}],"replies":[{"embeddable":true,"href":"https:\/\/arquitecturatextil.com\/fr\/wp-json\/wp\/v2\/comments?post=7392"}],"version-history":[{"count":10,"href":"https:\/\/arquitecturatextil.com\/fr\/wp-json\/wp\/v2\/pages\/7392\/revisions"}],"predecessor-version":[{"id":8429,"href":"https:\/\/arquitecturatextil.com\/fr\/wp-json\/wp\/v2\/pages\/7392\/revisions\/8429"}],"wp:attachment":[{"href":"https:\/\/arquitecturatextil.com\/fr\/wp-json\/wp\/v2\/media?parent=7392"}],"curies":[{"name":"wp","href":"https:\/\/api.w.org\/{rel}","templated":true}]}}